{"id":51,"date":"2021-04-14T11:46:49","date_gmt":"2021-04-14T09:46:49","guid":{"rendered":"http:\/\/biblioteka2.powiatlubaczowski.pl\/?page_id=51"},"modified":"2021-04-14T11:46:49","modified_gmt":"2021-04-14T09:46:49","slug":"biblioteki-w-powiecie","status":"publish","type":"page","link":"http:\/\/biblioteka2.powiatlubaczowski.pl\/index.php\/biblioteki-w-powiecie\/","title":{"rendered":"Biblioteki w powiecie"},"content":{"rendered":"\n<p><strong>Miejska Biblioteka Publiczna im. W\u0142adys\u0142awa Broniewskiego w Lubaczowie<\/strong><\/p>\n\n\n\n<p><strong>Dyrektor:<\/strong>&nbsp;Katarzyna Pelc-Antonik<\/p>\n\n\n\n<p><strong>Adres:<\/strong><br>ul. Ko\u015bciuszki 18<br>37-600 Lubacz\u00f3w<br>16 632 93 50<\/p>\n\n\n\n<p><a href=\"mailto:mbp@lubaczow.pl\">sekretariat@mbp.lubaczow.pl<\/a><br><a href=\"http:\/\/mbp.lubaczow.pl\/\" target=\"_blank\" rel=\"noreferrer noopener\">www.mbp.lubaczow.pl<\/a><\/p>\n\n\n\n<p><strong>Godziny otwarcia<\/strong><\/p>\n\n\n\n<figure class=\"wp-block-table\"><table><tbody><tr><td><strong>PN<\/strong><\/td><td>7<sup>30<\/sup><\/td><td>\u2013<\/td><td>15<sup>30<\/sup><\/td><\/tr><tr><td><strong>WT<\/strong><\/td><td>7<sup>30<\/sup><\/td><td>\u2013<\/td><td>18<sup>00<\/sup><\/td><\/tr><tr><td><strong>\u015aR<\/strong><\/td><td>7<sup>30<\/sup><\/td><td>\u2013<\/td><td>18<sup>00<\/sup><\/td><\/tr><tr><td><strong>CZW<\/strong><\/td><td>7<sup>30<\/sup><\/td><td>\u2013<\/td><td>18<sup>00<\/sup><\/td><\/tr><tr><td><strong>PT<\/strong><\/td><td>7<sup>30<\/sup><\/td><td>\u2013<\/td><td>18<sup>00<\/sup><\/td><\/tr><tr><td><strong>SOB<\/strong><\/td><td>7<sup>30<\/sup><\/td><td>\u2013<\/td><td>15<sup>30<\/sup><\/td><\/tr><\/tbody><\/table><\/figure>\n\n\n\n<p><strong>Miejska Biblioteka Publiczna w Cieszanowie<\/strong><\/p>\n\n\n\n<p><strong>Dyrektor:<\/strong>&nbsp;Urszula Kope\u0107-Zaborniak<\/p>\n\n\n\n<p><strong>Adres:<\/strong><br>ul. Ko\u015bciuszki 6<br>37-611 Cieszan\u00f3w<br>16 631 13 01<\/p>\n\n\n\n<p><a href=\"mailto:mbpcieszanow@op.pl\">mbpcieszanow@op.pl<\/a><br><a href=\"http:\/\/www.mbp.cieszanow.eu\/\">www.mbp.cieszanow.eu<\/a><\/p>\n\n\n\n<p><strong>Godziny otwarcia<\/strong><\/p>\n\n\n\n<figure class=\"wp-block-table\"><table><tbody><tr><td><strong>PN<\/strong><\/td><td>9<sup>00<\/sup><\/td><td>\u2013<\/td><td>17<sup>00<\/sup><\/td><\/tr><tr><td><strong>WT<\/strong><\/td><td>9<sup>00<\/sup><\/td><td>\u2013<\/td><td>17<sup>00<\/sup><\/td><\/tr><tr><td><strong>\u015aR<\/strong><\/td><td>9<sup>00<\/sup><\/td><td>\u2013<\/td><td>17<sup>00<\/sup><\/td><\/tr><tr><td><strong>CZW<\/strong><\/td><td>9<sup>00<\/sup><\/td><td>\u2013<\/td><td>17<sup>00<\/sup><\/td><\/tr><tr><td><strong>PT<\/strong><\/td><td>9<sup>00<\/sup><\/td><td>\u2013<\/td><td>17<sup>00<\/sup><\/td><\/tr><tr><td><strong>SOB<\/strong><\/td><td>9<sup>00<\/sup><\/td><td>\u2013<\/td><td>13<sup>00<\/sup><\/td><\/tr><\/tbody><\/table><\/figure>\n\n\n\n<p><strong>Miejsko-Gminna Biblioteka Publiczna im. Tadeusza Polanowskiego w Narolu<\/strong><\/p>\n\n\n\n<p><strong>Dyrektor:&nbsp;<\/strong>Iwona Fus<\/p>\n\n\n\n<p><strong>Adres:<\/strong><br>ul. Warszawska 27<br>37-610 Narol<br>16 631 70 01<\/p>\n\n\n\n<p><a href=\"mailto:biblioteka.narol@poczta.internetdsl.pl\">biblioteka@narol.pl<\/a><br><a href=\"http:\/\/biblioteka.narol.pl\/\">www.biblioteka.narol.pl\/<\/a><\/p>\n\n\n\n<p><strong>Godziny otwarcia<\/strong><\/p>\n\n\n\n<figure class=\"wp-block-table\"><table><tbody><tr><td><strong>PN<\/strong><\/td><td>8<sup>00<\/sup><\/td><td>\u2013<\/td><td>16<sup>30<\/sup><\/td><\/tr><tr><td><strong>WT<\/strong><\/td><td>8<sup>00<\/sup><\/td><td>\u2013<\/td><td>18<sup>00<\/sup><\/td><\/tr><tr><td><strong>\u015aR<\/strong><\/td><td>8<sup>00<\/sup><\/td><td>\u2013<\/td><td>16<sup>30<\/sup><\/td><\/tr><tr><td><strong>CZW<\/strong><\/td><td>8<sup>00<\/sup><\/td><td>\u2013<\/td><td>16<sup>30<\/sup><\/td><\/tr><tr><td><strong>PT<\/strong><\/td><td>8<sup>00<\/sup><\/td><td>\u2013<\/td><td>18<sup>00<\/sup><\/td><\/tr><\/tbody><\/table><\/figure>\n\n\n\n<p><strong>Miejsko-Gminna Biblioteka Publiczna w Oleszycach<\/strong><\/p>\n\n\n\n<p><strong>Dyrektor:&nbsp;<\/strong>Irena Janiszkiewicz<\/p>\n\n\n\n<p><strong>Adres:<\/strong><br>ul. Rynek 6<br>37-630 Oleszyce<br>16 736 21 48<\/p>\n\n\n\n<p><a href=\"mailto:biblioteka@ug.oleszyce.pl\">biblioteka@ug.oleszyce.pl<\/a><\/p>\n\n\n\n<p><strong>Godziny otwarcia<\/strong><\/p>\n\n\n\n<figure class=\"wp-block-table\"><table><tbody><tr><td><strong>PN<\/strong><\/td><td>8<sup>00<\/sup><\/td><td>\u2013<\/td><td>18<sup>00<\/sup><\/td><\/tr><tr><td><strong>WT<\/strong><\/td><td>8<sup>00<\/sup><\/td><td>\u2013<\/td><td>18<sup>00<\/sup><\/td><\/tr><tr><td><strong>\u015aR<\/strong><\/td><td>8<sup>00<\/sup><\/td><td>\u2013<\/td><td>18<sup>00<\/sup><\/td><\/tr><tr><td><strong>CZW<\/strong><\/td><td>8<sup>00<\/sup><\/td><td>\u2013<\/td><td>18<sup>00<\/sup><\/td><\/tr><tr><td><strong>PT<\/strong><\/td><td>8<sup>00<\/sup><\/td><td>\u2013<\/td><td>18<sup>00<\/sup><\/td><\/tr><\/tbody><\/table><\/figure>\n\n\n\n<p>Gminna Biblioteka Publiczna w&nbsp;Lubaczowie z&nbsp;siedzib\u0105 w&nbsp;Baszni Dolnej<\/p>\n\n\n\n<p><strong>Dyrektor:<\/strong>&nbsp;mgr Anna Kosiba<\/p>\n\n\n\n<p><strong>Adres:<\/strong><br>ul. Jana III Sobieskiego 11<br>37-621 Basznia Dolna<br>16 632 70 48<\/p>\n\n\n\n<p><a href=\"mailto:emajdan@wp.pl\">gbp.basznia@lubaczow.com.pl<\/a><\/p>\n\n\n\n<p><strong>Godziny otwarcia<\/strong><\/p>\n\n\n\n<figure class=\"wp-block-table\"><table><tbody><tr><td><strong>PN<\/strong><\/td><td>10<sup>00<\/sup><\/td><td>\u2013<\/td><td>18<sup>00<\/sup><\/td><\/tr><tr><td><strong>WT<\/strong><\/td><td>10<sup>00<\/sup><\/td><td>\u2013<\/td><td>18<sup>00<\/sup><\/td><\/tr><tr><td><strong>\u015aR<\/strong><\/td><td>10<sup>00<\/sup><\/td><td>\u2013<\/td><td>18<sup>00<\/sup><\/td><\/tr><tr><td><strong>CZW<\/strong><\/td><td>10<sup>00<\/sup><\/td><td>\u2013<\/td><td>18<sup>00<\/sup><\/td><\/tr><tr><td><strong>PT<\/strong><\/td><td>10<sup>00<\/sup><\/td><td>\u2013<\/td><td>18<sup>00<\/sup><\/td><\/tr><\/tbody><\/table><\/figure>\n\n\n\n<p><strong>Gminna Biblioteka Publiczna w Hory\u0144cu-Zdroju<\/strong><\/p>\n\n\n\n<p><strong>Dyrektor:<\/strong>&nbsp;El\u017cbieta Majdan<\/p>\n\n\n\n<p><strong>Adres:<\/strong><br>ul. Wojska Polskiego 2<br>37-620 Horyniec Zdr\u00f3j<br>16 631 34 12<\/p>\n\n\n\n<p><a href=\"mailto:emajdan@wp.pl\">emajdan@wp.pl<\/a><\/p>\n\n\n\n<p><strong>Godziny otwarcia<\/strong><\/p>\n\n\n\n<figure class=\"wp-block-table\"><table><tbody><tr><td><strong>PN<\/strong><\/td><td>10<sup>00<\/sup><\/td><td>\u2013<\/td><td>18<sup>00<\/sup><\/td><\/tr><tr><td><strong>WT<\/strong><\/td><td>10<sup>00<\/sup><\/td><td>\u2013<\/td><td>18<sup>00<\/sup><\/td><\/tr><tr><td><strong>\u015aR<\/strong><\/td><td>10<sup>00<\/sup><\/td><td>\u2013<\/td><td>18<sup>00<\/sup><\/td><\/tr><tr><td><strong>CZW<\/strong><\/td><td>10<sup>00<\/sup><\/td><td>\u2013<\/td><td>18<sup>00<\/sup><\/td><\/tr><tr><td><strong>PT<\/strong><\/td><td>10<sup>00<\/sup><\/td><td>\u2013<\/td><td>18<sup>00<\/sup><\/td><\/tr><\/tbody><\/table><\/figure>\n\n\n\n<h2 class=\"wp-block-heading\">Gminna Biblioteka Publiczna w Wielkich Oczach<\/h2>\n\n\n\n<p><strong>Kierownik:&nbsp;<\/strong>Irena Litwi\u0144ska<\/p>\n\n\n\n<p><strong>Adres:<\/strong><br>ul. Rynek 14<br>37-627 Wielkie Oczy<br>793 020 808<\/p>\n\n\n\n<p><a href=\"mailto:gbp.woczy@interia.pl\">gbp.woczy@interia.pl<\/a><\/p>\n\n\n\n<p><strong>Godziny otwarcia<\/strong><\/p>\n\n\n\n<figure class=\"wp-block-table\"><table><tbody><tr><td><strong>PN<\/strong><\/td><td>\u2013<\/td><td>\u2013<\/td><td>\u2013<\/td><\/tr><tr><td><strong>WT<\/strong><\/td><td>11<sup>00<\/sup><\/td><td>\u2013<\/td><td>19<sup>00<\/sup><\/td><\/tr><tr><td><strong>\u015aR<\/strong><\/td><td>11<sup>00<\/sup><\/td><td>\u2013<\/td><td>19<sup>00<\/sup><\/td><\/tr><tr><td><strong>CZW<\/strong><\/td><td>11<sup>00<\/sup><\/td><td>\u2013<\/td><td>19<sup>00<\/sup><\/td><\/tr><tr><td><strong>PT<\/strong><\/td><td>11<sup>00<\/sup><\/td><td>\u2013<\/td><td>19<sup>00<\/sup><\/td><\/tr><tr><td><strong>SOB<\/strong><\/td><td>10<sup>00<\/sup><\/td><td>\u2013<\/td><td>17<sup>00<\/sup><\/td><\/tr><\/tbody><\/table><\/figure>\n\n\n\n<h2 class=\"wp-block-heading\">Gminna Biblioteka Publiczna w Starym Dzikowie<\/h2>\n\n\n\n<p><strong>Kierownik:&nbsp;<\/strong>Maria Sobczyszyn<\/p>\n\n\n\n<p><strong>Adres:<\/strong><br>ul. Ko\u015bciuszki 83<br>37-632 Stary Dzik\u00f3w<br>16 631 80 45<\/p>\n\n\n\n<p><a href=\"mailto:biblioteka@starydzikow.pl\">kultura@starydzikow.pl<\/a><\/p>\n\n\n\n<p><strong>Godziny otwarcia<\/strong><\/p>\n\n\n\n<figure class=\"wp-block-table\"><table><tbody><tr><td>PN<\/td><td>\u2013<\/td><td>\u2013<\/td><td>\u2013<\/td><\/tr><tr><td>WT<\/td><td>8<sup>00<\/sup><\/td><td>\u2013<\/td><td>16<sup>00<\/sup><\/td><\/tr><tr><td>\u015aR<\/td><td>8<sup>00<\/sup><\/td><td>\u2013<\/td><td>16<sup>00<\/sup><\/td><\/tr><tr><td>CZW<\/td><td>8<sup>00<\/sup><\/td><td>\u2013<\/td><td>16<sup>00<\/sup><\/td><\/tr><tr><td>PT<\/td><td>8<sup>00<\/sup><\/td><td>\u2013<\/td><td>16<sup>00<\/sup><\/td><\/tr><tr><td>SOB<\/td><td>8<sup>00<\/sup><\/td><td>\u2013<\/td><td>16<sup>00<\/sup><\/td><\/tr><\/tbody><\/table><\/figure>\n","protected":false},"excerpt":{"rendered":"<p>Miejska Biblioteka Publiczna im. W\u0142adys\u0142awa Broniewskiego w Lubaczowie Dyrektor:&nbsp;Katarzyna Pelc-Antonik Adres:ul. Ko\u015bciuszki 1837-600 Lubacz\u00f3w16 632 93 50 sekretariat@mbp.lubaczow.plwww.mbp.lubaczow.pl Godziny otwarcia<\/p>\n","protected":false},"author":1,"featured_media":0,"parent":0,"menu_order":0,"comment_status":"closed","ping_status":"closed","template":"","meta":{"footnotes":""},"class_list":["post-51","page","type-page","status-publish","hentry"],"_links":{"self":[{"href":"http:\/\/biblioteka2.powiatlubaczowski.pl\/index.php\/wp-json\/wp\/v2\/pages\/51","targetHints":{"allow":["GET"]}}],"collection":[{"href":"http:\/\/biblioteka2.powiatlubaczowski.pl\/index.php\/wp-json\/wp\/v2\/pages"}],"about":[{"href":"http:\/\/biblioteka2.powiatlubaczowski.pl\/index.php\/wp-json\/wp\/v2\/types\/page"}],"author":[{"embeddable":true,"href":"http:\/\/biblioteka2.powiatlubaczowski.pl\/index.php\/wp-json\/wp\/v2\/users\/1"}],"replies":[{"embeddable":true,"href":"http:\/\/biblioteka2.powiatlubaczowski.pl\/index.php\/wp-json\/wp\/v2\/comments?post=51"}],"version-history":[{"count":1,"href":"http:\/\/biblioteka2.powiatlubaczowski.pl\/index.php\/wp-json\/wp\/v2\/pages\/51\/revisions"}],"predecessor-version":[{"id":52,"href":"http:\/\/biblioteka2.powiatlubaczowski.pl\/index.php\/wp-json\/wp\/v2\/pages\/51\/revisions\/52"}],"wp:attachment":[{"href":"http:\/\/biblioteka2.powiatlubaczowski.pl\/index.php\/wp-json\/wp\/v2\/media?parent=51"}],"curies":[{"name":"wp","href":"https:\/\/api.w.org\/{rel}","templated":true}]}}