{"id":20,"date":"2021-04-14T11:34:00","date_gmt":"2021-04-14T09:34:00","guid":{"rendered":"http:\/\/biblioteka2.powiatlubaczowski.pl\/?page_id=20"},"modified":"2021-04-14T11:37:28","modified_gmt":"2021-04-14T09:37:28","slug":"dekalracja-dostepnosci","status":"publish","type":"page","link":"http:\/\/biblioteka2.powiatlubaczowski.pl\/index.php\/dekalracja-dostepnosci\/","title":{"rendered":"Deklaracja Dost\u0119pno\u015bci"},"content":{"rendered":"<h3><strong>Dost\u0119pno\u015b\u0107 architektoniczna<\/strong><\/h3>\n<h2><strong>Ko\u015bciuszki 161, 37-600 Lubacz\u00f3w<\/strong><\/h2>\n<p><strong><br \/>\n<\/strong>Pomieszczenia <strong>Powiatowej Biblioteki Publicznej w Lubaczowie<\/strong> mieszcz\u0105 si\u0119 na parterze budynku g\u0142\u00f3wnego Zespo\u0142u Szk\u00f3\u0142 im. gen. J\u00f3zefa Kustronia.<\/p>\n<p>Przed wej\u015bciem&nbsp;do budynku&nbsp;od ulicy Ko\u015bciuszki znajduj\u0105 si\u0119 miejsca&nbsp;parkingowe dla os\u00f3b niepe\u0142nosprawnych oznaczone pionowo i poziomo..<\/p>\n<p>Budynek nie jest wyposa\u017cony w drzwi automatycznie otwierane.<\/p>\n<p>Dla os\u00f3b niepe\u0142nosprawnych zmotoryzowanych wej\u015bcie do budynku jest dostosowane dla ich potrzeb od strony parkingu i &nbsp;wyposa\u017cone jest w pochylni\u0119 dla os\u00f3b niepe\u0142nosprawnych.<\/p>\n<p>W budynku g\u0142\u00f3wnym znajduje si\u0119 winda osobowa<\/p>\n<p>Na parterze znajduje si\u0119 toaleta przystosowana do potrzeb os\u00f3b niepe\u0142nosprawnych.<\/p>\n<p>Jest mo\u017cliwo\u015b\u0107 wej\u015bcia i uczestniczenia z psem asystuj\u0105cym.<\/p>\n<p><strong>Przygotowanie deklaracji w sprawie dost\u0119pno\u015bci<\/strong><\/p>\n<ul>\n<li>Deklaracj\u0119 sporz\u0105dzono dnia: 24.03.2021r.<\/li>\n<li>Deklaracj\u0119 zosta\u0142a ostatnio poddana przegl\u0105dowi i aktualizacji dnia: 24.03.2021r.<\/li>\n<li>Deklaracj\u0119 sporz\u0105dzono na podstawie samooceny.<\/li>\n<\/ul>\n<p><strong>KONTAKT<br \/>\n<\/strong>Powiatowa Biblioteka Publiczna w Lubaczowie<br \/>\nul. Ko\u015bciuszki 161<br \/>\n37-600 Lubacz\u00f3w<br \/>\ntel. 0-16&nbsp;632 15 36<\/p>\n<h3><\/h3>\n<h3>Dost\u0119pno\u015b\u0107 strony internetowej<\/h3>\n<p><strong>Powiatowa Biblioteka Publiczna w Lubaczowie<\/strong> zobowi\u0105zuje si\u0119 zapewni\u0107 dost\u0119pno\u015b\u0107 swojej strony internetowej zgodnie z&nbsp;<em>Ustaw\u0105 z dnia 4 kwietnia 2019 r. o dost\u0119pno\u015bci cyfrowej stron internetowych i aplikacji mobilnych podmiot\u00f3w publicznych<\/em>.<br \/>\nO\u015bwiadczenie w sprawie dost\u0119pno\u015bci ma zastosowanie do strony internetowej <strong>Powiatowej Biblioteki Publicznej w<\/strong> <strong>Lubaczowie<\/strong> pod adresem&nbsp;<a href=\"http:\/\/biblioteka.powiatlubaczowski.pl\/\">http:\/\/biblioteka.powiatlubaczowski.pl\/<\/a><\/p>\n<p>Data publikacji strony internetowej: 23.04.2020 r.<\/p>\n<p>Data ostatniej istotnej aktualizacji: 18.03.2021 r.<\/p>\n<p>Strona internetowa jest cz\u0119\u015bciowo zgodna z&nbsp;<em>Ustaw\u0105 z dnia 4 kwietnia 2019 r. o dost\u0119pno\u015bci cyfrowej stron internetowych i aplikacji mobilnych podmiot\u00f3w publicznych z powodu niezgodno\u015bci lub wy\u0142\u0105cze\u0144 wymienionych poni\u017cej.<\/em><\/p>\n<ul>\n<li>pliki graficzne cz\u0119sto nie posiadaj\u0105 tekst\u00f3w alternatywnych, dla czytnik\u00f3w obs\u0142ugiwanych przez osoby niepe\u0142nosprawne,<\/li>\n<li>niekt\u00f3re z za\u0142\u0105cznik\u00f3w mog\u0105 nie posiada\u0107 warstwy tekstowej (skan),<\/li>\n<li>w niekt\u00f3rych dokumentach mo\u017ce nie by\u0107 zachowana hierarchiczno\u015b\u0107 nag\u0142\u00f3wk\u00f3w.<\/li>\n<\/ul>\n<p>Powody wy\u0142\u0105czenia:<\/p>\n<ul>\n<li>zdj\u0119cia i dokumenty archiwalne mog\u0105 nie spe\u0142nia\u0107 wszystkich warunk\u00f3w o dost\u0119pno\u015bci cyfrowej,<\/li>\n<li>dokumenty archiwalne mog\u0105 nie by\u0107 w pe\u0142ni dost\u0119pne.<\/li>\n<\/ul>\n<p>Dok\u0142adamy stara\u0144, aby na bie\u017c\u0105co usuwa\u0107 stwierdzone bariery wyst\u0119puj\u0105ce na stronie internetowej zgodnie ze Standardem WCAG 2.1.<\/p>\n<p><strong>U\u0142atwienia na stronie internetowej<\/strong><\/p>\n<p>Serwis jest wyposa\u017cony w udogodnienia u\u0142atwiaj\u0105ce przegl\u0105danie tre\u015bci przez osoby niedowidz\u0105ce:<\/p>\n<ul>\n<li>prze\u0142\u0105cznik zmiany rozmiaru czcionki,<\/li>\n<li>prze\u0142\u0105czniki zmiany kontrastu (high contrast, negative contrast),<\/li>\n<li>dodatkowe oznaczenie link\u00f3w umieszczonych na stronie (links underline),<\/li>\n<li>zmiana koloru t\u0142a \u2013 jasne t\u0142o (light background),<\/li>\n<li>zmiana koloru w skal\u0119 szaro\u015bci (grey scale),<\/li>\n<li>poprawa czytelno\u015bci czcionki (readable font),<\/li>\n<li>focus wok\u00f3\u0142 element\u00f3w nawigacyjnych.<\/li>\n<\/ul>\n<p>Na stronie <strong>Powiatowej Biblioteki Publicznej w Lubaczowie<\/strong> mo\u017cna u\u017cywa\u0107 standardowych skr\u00f3t\u00f3w klawiaturowych przegl\u0105darki. Aby powi\u0119kszy\u0107 tekst nale\u017cy wybra\u0107 odpowiedni\u0105 kombinacj\u0119 klawiszy:<\/p>\n<p><strong>Firefox, Chrome, Internet Explorer:<\/strong><br \/>\n[CTRL] oraz&nbsp;[+] aby powi\u0119kszy\u0107 widok<br \/>\n[CTRL] oraz&nbsp;[-] aby pomniejszy\u0107 widok<br \/>\n<strong>Opera:<\/strong><br \/>\n[SHIFT] oraz&nbsp;[+] aby powi\u0119kszy\u0107 widok<br \/>\n[-] aby pomniejszy\u0107 widok<\/p>\n<p><strong>Przygotowanie deklaracji w sprawie dost\u0119pno\u015bci<\/strong><\/p>\n<ul>\n<li>Deklaracj\u0119 sporz\u0105dzono dnia: 24.03.2021r.<\/li>\n<li>Deklaracj\u0119 zosta\u0142a ostatnio poddana przegl\u0105dowi i aktualizacji dnia: 24.03.2021r.<\/li>\n<li>Deklaracj\u0119 sporz\u0105dzono na podstawie samooceny.<\/li>\n<\/ul>\n<p><strong>Informacje na temat procedury<\/strong><\/p>\n<p>Ka\u017cdy ma prawo do wyst\u0105pienia z \u017c\u0105daniem zapewnienia dost\u0119pno\u015bci cyfrowej strony internetowej, aplikacji mobilnej lub jakiego\u015b ich elementu. Mo\u017cna tak\u017ce za\u017c\u0105da\u0107 udost\u0119pnienia informacji za pomoc\u0105 alternatywnego sposobu dost\u0119pu, na przyk\u0142ad przez odczytanie niedost\u0119pnego cyfrowo dokumentu, opisanie zawarto\u015bci filmu bez audiodeskrypcji itp. \u017b\u0105danie powinno zawiera\u0107 dane osoby zg\u0142aszaj\u0105cej \u017c\u0105danie, wskazanie, o kt\u00f3r\u0105 stron\u0119 internetow\u0105 lub aplikacj\u0119 mobiln\u0105 chodzi oraz spos\u00f3b kontaktu. Je\u017celi osoba \u017c\u0105daj\u0105ca zg\u0142asza potrzeb\u0119 otrzymania informacji za pomoc\u0105 alternatywnego sposobu dost\u0119pu, powinna tak\u017ce okre\u015bli\u0107 dogodny dla niej spos\u00f3b przedstawienia tej informacji. Podmiot publiczny powinien zrealizowa\u0107 \u017c\u0105danie niezw\u0142ocznie, nie p\u00f3\u017aniej ni\u017c w ci\u0105gu 7 dni od dnia wyst\u0105pienia z \u017c\u0105daniem. Je\u017celi dotrzymanie tego terminu nie jest mo\u017cliwe, podmiot publiczny niezw\u0142ocznie informuje o tym wnosz\u0105cego \u017c\u0105danie, kiedy realizacja \u017c\u0105dania b\u0119dzie mo\u017cliwa, przy czym termin ten nie mo\u017ce by\u0107 d\u0142u\u017cszy ni\u017c 2 miesi\u0105ce od dnia wyst\u0105pienia z \u017c\u0105daniem. Je\u017celi zapewnienie dost\u0119pno\u015bci cyfrowej nie jest mo\u017cliwe, podmiot publiczny mo\u017ce zaproponowa\u0107 alternatywny spos\u00f3b dost\u0119pu do informacji. W przypadku, gdy podmiot publiczny odm\u00f3wi realizacji \u017c\u0105dania zapewnienia dost\u0119pno\u015bci lub alternatywnego sposobu dost\u0119pu do informacji, wnosz\u0105cy \u017c\u0105danie mo\u017cne z\u0142o\u017cy\u0107 skarg\u0119 w sprawie zapewniana dost\u0119pno\u015bci cyfrowej strony internetowej, aplikacji mobilnej lub elementu strony internetowej, lub aplikacji mobilnej. Po wyczerpaniu wskazanej wy\u017cej procedury mo\u017cna tak\u017ce z\u0142o\u017cy\u0107 wniosek do&nbsp;<a href=\"https:\/\/www.rpo.gov.pl\/\">Rzecznika Praw Obywatelskich<\/a>.<\/p>\n<p><strong>Informacje zwrotne i dane kontaktowe.<\/strong><\/p>\n<p>W przypadku problem\u00f3w z dost\u0119pno\u015bci\u0105 strony internetowej prosimy o kontakt na adres e-mail: pbp.lubaczow@wp.pl. Mo\u017cna r\u00f3wnie\u017c kontaktowa\u0107 si\u0119 dzwoni\u0105c pod numer telefonu: 16 632 15 36. T\u0105 sam\u0105 droga mo\u017cna sk\u0142ada\u0107 wnioski o udost\u0119pnienie informacji niedost\u0119pnej oraz sk\u0142ada\u0107 skargi na brak zapewnienia dost\u0119pno\u015bci.<\/p>\n","protected":false},"excerpt":{"rendered":"<p>Dost\u0119pno\u015b\u0107 architektoniczna Ko\u015bciuszki 161, 37-600 Lubacz\u00f3w Pomieszczenia Powiatowej Biblioteki Publicznej w Lubaczowie mieszcz\u0105 si\u0119 na parterze budynku g\u0142\u00f3wnego Zespo\u0142u Szk\u00f3\u0142<\/p>\n","protected":false},"author":1,"featured_media":0,"parent":0,"menu_order":0,"comment_status":"closed","ping_status":"closed","template":"","meta":{"footnotes":""},"class_list":["post-20","page","type-page","status-publish","hentry"],"_links":{"self":[{"href":"http:\/\/biblioteka2.powiatlubaczowski.pl\/index.php\/wp-json\/wp\/v2\/pages\/20","targetHints":{"allow":["GET"]}}],"collection":[{"href":"http:\/\/biblioteka2.powiatlubaczowski.pl\/index.php\/wp-json\/wp\/v2\/pages"}],"about":[{"href":"http:\/\/biblioteka2.powiatlubaczowski.pl\/index.php\/wp-json\/wp\/v2\/types\/page"}],"author":[{"embeddable":true,"href":"http:\/\/biblioteka2.powiatlubaczowski.pl\/index.php\/wp-json\/wp\/v2\/users\/1"}],"replies":[{"embeddable":true,"href":"http:\/\/biblioteka2.powiatlubaczowski.pl\/index.php\/wp-json\/wp\/v2\/comments?post=20"}],"version-history":[{"count":3,"href":"http:\/\/biblioteka2.powiatlubaczowski.pl\/index.php\/wp-json\/wp\/v2\/pages\/20\/revisions"}],"predecessor-version":[{"id":36,"href":"http:\/\/biblioteka2.powiatlubaczowski.pl\/index.php\/wp-json\/wp\/v2\/pages\/20\/revisions\/36"}],"wp:attachment":[{"href":"http:\/\/biblioteka2.powiatlubaczowski.pl\/index.php\/wp-json\/wp\/v2\/media?parent=20"}],"curies":[{"name":"wp","href":"https:\/\/api.w.org\/{rel}","templated":true}]}}